{"id":1519,"date":"2021-01-04T11:31:21","date_gmt":"2021-01-04T10:31:21","guid":{"rendered":"https:\/\/hawai.li\/mbal\/le-mbal\/amis-du-mbal\/"},"modified":"2026-09-03T17:00:31","modified_gmt":"2026-09-03T15:00:31","slug":"amis-du-mbal","status":"publish","type":"page","link":"https:\/\/www.mbal.ch\/en\/le-mbal\/amis-du-mbal\/","title":{"rendered":"Friends of the MBAL"},"content":{"rendered":"\n<p class=\"wp-block-paragraph\">Established in 1862, the Soci\u00e9t\u00e9 des beaux-arts et du mus\u00e9e is at the origin of the MBAL\u2019s foundation in 1864. Since its creation and as the main owner, the Society has contributed to maintain and increase the collection and a demanding cultural program. Very active in the museum&#8217;s development and the cultural outreach, it includes a committee and contributing members. In order to extend the artistic experience beyond the museum,  the association offers each year for sale an engraving by a well-known Swiss artist such as Claudia Comte, Sylvie Fleury, Sandrine Pelletier, Augustin Rebetez or other artists to be discovered on <a href=\"https:\/\/www.mbal.ch\/en\/le-mbal\/editions-dartistes\/?lang=en\" target=\"_blank\" rel=\"noreferrer noopener\">mbal.ch<\/a>.<\/p>\n\n\n\n<p class=\"wp-block-paragraph\"><\/p>\n\n\n\n<h2 class=\"wp-block-heading\">Join us !<\/h2>\n\n\n\n<p class=\"wp-block-paragraph\">Contribute to the influence of the museum, to the build-up of its collections and the conservation of a heritage that has been enriched over the years by becoming a member of the Society of Fine Arts and the Museum. You will participate in spreading the reputation of our institution and share in pleasant and satisfying experiences through visits, conferences and events offered to members. With your support, the Museum of Fine Arts will be able to continue presenting a demanding program.<\/p>\n\n\n\n<h2 class=\"wp-block-heading\">Your benefits<\/h2>\n\n\n\n<p class=\"wp-block-paragraph\">Free museum admission for one year<\/p>\n\n\n\n<p class=\"wp-block-paragraph\">Privileged guided tour<\/p>\n\n\n\n<p class=\"wp-block-paragraph\">Free admission to partner museums on presentation of your museum card<\/p>\n\n\n\n<ul class=\"wp-block-list\">\n<li>Photo \u00c9lys\u00e9e &#8211; Lausanne<\/li>\n\n\n\n<li>Mus\u00e9e des beaux-arts &#8211; La Chaux-de-Fonds<\/li>\n\n\n\n<li>Villa dei Cedri &#8211; Bellinzona<\/li>\n\n\n\n<li>MACT\/CACT &#8211; Bellinzona<\/li>\n\n\n\n<li>Centre d&#8217;Art &#8211; Bienne<\/li>\n\n\n\n<li>Kunsthalle St. Gallen<\/li>\n\n\n\n<li>Kunstmuseum Luzern<\/li>\n<\/ul>\n\n\n\n<h2 class=\"wp-block-heading\">Your annual contribution<\/h2>\n\n\n\n<p class=\"wp-block-paragraph\"><strong>Solo Friends:<\/strong>&nbsp;CHF 50.\u2013<\/p>\n\n\n\n<ul class=\"wp-block-list\">\n<li>1 free admission, valid for 1 person for one year \u2013 students, apprentices, seniors and unemployed: CHF 30.\u2013<\/li>\n<\/ul>\n\n\n\n<p class=\"wp-block-paragraph\"><strong>Duo Friends:<\/strong>&nbsp;CHF 70.\u2013<\/p>\n\n\n\n<ul class=\"wp-block-list\">\n<li>1 free admission, valid for 2 people for one year \u2013 students, apprentices, seniors and unemployed: CHF 50.\u2013<\/li>\n<\/ul>\n\n\n\n<p class=\"wp-block-paragraph\"><strong>Supporting Friends:<\/strong>&nbsp;CHF 200.\u2013<\/p>\n\n\n\n<ul class=\"wp-block-list\">\n<li>1 free admission, valid for 2 people for one year<\/li>\n\n\n\n<li>1 free admission for 2 people to a brunch or another paid MBAL event<\/li>\n\n\n\n<li>10% discount at the museum shop<\/li>\n<\/ul>\n\n\n\n<p class=\"wp-block-paragraph\"><strong>Benefactor Friends:<\/strong>&nbsp;CHF 500.\u2013<\/p>\n\n\n\n<ul class=\"wp-block-list\">\n<li>1 free admission, valid for 2 people for one year<\/li>\n\n\n\n<li>1 free admission for 2 people to a brunch or another paid MBAL event<\/li>\n\n\n\n<li>10% discount at the museum shop<\/li>\n\n\n\n<li>1 complimentary artist\u2019s print, to be chosen from a selection proposed by the museum<\/li>\n<\/ul>\n\n\n\n<p class=\"wp-block-paragraph\"><strong>Patron Friends:<\/strong>&nbsp;CHF 2,000.\u2013<\/p>\n\n\n\n<p class=\"wp-block-paragraph\">A flexible form of support for individuals or companies wishing to contribute to the museum\u2019s missions without being associated with a specific exhibition.<\/p>\n\n\n\n<p class=\"wp-block-paragraph\">Benefits:<\/p>\n\n\n\n<ul class=\"wp-block-list\">\n<li>Recognition on the museum\u2019s website and on the physical display dedicated to the \u201cMBAL Partners\u201d in the museum;<\/li>\n\n\n\n<li>Invitations to exclusive exhibition\u2019s previews;<\/li>\n\n\n\n<li>Up to 20 free admissions to the museum, valid for one year, to share with friends or staff, paid events included;<\/li>\n\n\n\n<li>A complimentary copy of an annual Artist\u2019s Edition produced by the museum of your choice.<\/li>\n<\/ul>\n\n\n\n<p class=\"has-white-color has-text-color wp-block-paragraph\">.<\/p>\n\n\n\n<p class=\"wp-block-paragraph\">You&#8217;d like to become a friend of the MBAL? Please contact us by phone at <br>+41 (0)32 933 89 50, or by e-mail at <a href=\"mailto:mbal@ne.ch\">mbal@ne.ch<\/a><\/p>\n","protected":false},"excerpt":{"rendered":"<p>Established in 1862, the Soci\u00e9t\u00e9 des beaux-arts et du mus\u00e9e is at the origin of the MBAL\u2019s foundation in 1864. Since its creation and as the main owner, the Society has contributed to maintain and increase the collection and a demanding cultural program. Very active in the museum&#8217;s development and the cultural outreach, it includes [&hellip;]<\/p>\n","protected":false},"author":1,"featured_media":6456,"parent":1518,"menu_order":0,"comment_status":"closed","ping_status":"closed","template":"template-annuel.php","meta":{"_acf_changed":false,"footnotes":""},"class_list":["post-1519","page","type-page","status-publish","has-post-thumbnail","hentry"],"acf":[],"yoast_head":"<!-- This site is optimized with the Yoast SEO plugin v28.3 - https:\/\/yoast.com\/product\/yoast-seo-wordpress\/ -->\n<title>Friends of the MBAL - MBAL<\/title>\n<meta name=\"robots\" content=\"index, follow, max-snippet:-1, max-image-preview:large, max-video-preview:-1\" \/>\n<link rel=\"canonical\" href=\"https:\/\/www.mbal.ch\/en\/le-mbal\/amis-du-mbal\/\" \/>\n<meta property=\"og:locale\" content=\"en_US\" \/>\n<meta property=\"og:type\" content=\"article\" \/>\n<meta property=\"og:title\" content=\"Friends of the MBAL - MBAL\" \/>\n<meta property=\"og:description\" content=\"Established in 1862, the Soci\u00e9t\u00e9 des beaux-arts et du mus\u00e9e is at the origin of the MBAL\u2019s foundation in 1864. Since its creation and as the main owner, the Society has contributed to maintain and increase the collection and a demanding cultural program. Very active in the museum&#8217;s development and the cultural outreach, it includes [&hellip;]\" \/>\n<meta property=\"og:url\" content=\"https:\/\/www.mbal.ch\/en\/le-mbal\/amis-du-mbal\/\" \/>\n<meta property=\"og:site_name\" content=\"MBAL\" \/>\n<meta property=\"article:publisher\" content=\"https:\/\/www.facebook.com\/mbalelocle\/?fref=ts\" \/>\n<meta property=\"article:modified_time\" content=\"2026-09-03T15:00:31+00:00\" \/>\n<meta property=\"og:image\" content=\"https:\/\/www.mbal.ch\/mbalwp\/wp-content\/uploads\/2024\/07\/MBAL-1023-web-52-2.jpg\" \/>\n\t<meta property=\"og:image:width\" content=\"2250\" \/>\n\t<meta property=\"og:image:height\" content=\"1500\" \/>\n\t<meta property=\"og:image:type\" content=\"image\/jpeg\" \/>\n<meta name=\"twitter:card\" content=\"summary_large_image\" \/>\n<meta name=\"twitter:label1\" content=\"Est. reading time\" \/>\n\t<meta name=\"twitter:data1\" content=\"3 minutes\" \/>\n<script type=\"application\/ld+json\" class=\"yoast-schema-graph\">{\"@context\":\"https:\\\/\\\/schema.org\",\"@graph\":[{\"@type\":\"WebPage\",\"@id\":\"https:\\\/\\\/www.mbal.ch\\\/en\\\/le-mbal\\\/amis-du-mbal\\\/\",\"url\":\"https:\\\/\\\/www.mbal.ch\\\/en\\\/le-mbal\\\/amis-du-mbal\\\/\",\"name\":\"Friends of the MBAL - MBAL\",\"isPartOf\":{\"@id\":\"https:\\\/\\\/www.mbal.ch\\\/#website\"},\"primaryImageOfPage\":{\"@id\":\"https:\\\/\\\/www.mbal.ch\\\/en\\\/le-mbal\\\/amis-du-mbal\\\/#primaryimage\"},\"image\":{\"@id\":\"https:\\\/\\\/www.mbal.ch\\\/en\\\/le-mbal\\\/amis-du-mbal\\\/#primaryimage\"},\"thumbnailUrl\":\"https:\\\/\\\/www.mbal.ch\\\/mbalwp\\\/wp-content\\\/uploads\\\/2024\\\/07\\\/MBAL-1023-web-52-2.jpg\",\"datePublished\":\"2021-01-04T10:31:21+00:00\",\"dateModified\":\"2026-09-03T15:00:31+00:00\",\"breadcrumb\":{\"@id\":\"https:\\\/\\\/www.mbal.ch\\\/en\\\/le-mbal\\\/amis-du-mbal\\\/#breadcrumb\"},\"inLanguage\":\"en-US\",\"potentialAction\":[{\"@type\":\"ReadAction\",\"target\":[\"https:\\\/\\\/www.mbal.ch\\\/en\\\/le-mbal\\\/amis-du-mbal\\\/\"]}]},{\"@type\":\"ImageObject\",\"inLanguage\":\"en-US\",\"@id\":\"https:\\\/\\\/www.mbal.ch\\\/en\\\/le-mbal\\\/amis-du-mbal\\\/#primaryimage\",\"url\":\"https:\\\/\\\/www.mbal.ch\\\/mbalwp\\\/wp-content\\\/uploads\\\/2024\\\/07\\\/MBAL-1023-web-52-2.jpg\",\"contentUrl\":\"https:\\\/\\\/www.mbal.ch\\\/mbalwp\\\/wp-content\\\/uploads\\\/2024\\\/07\\\/MBAL-1023-web-52-2.jpg\",\"width\":2250,\"height\":1500},{\"@type\":\"BreadcrumbList\",\"@id\":\"https:\\\/\\\/www.mbal.ch\\\/en\\\/le-mbal\\\/amis-du-mbal\\\/#breadcrumb\",\"itemListElement\":[{\"@type\":\"ListItem\",\"position\":1,\"name\":\"Accueil\",\"item\":\"https:\\\/\\\/www.mbal.ch\\\/en\\\/\"},{\"@type\":\"ListItem\",\"position\":2,\"name\":\"The MBAL\",\"item\":\"https:\\\/\\\/www.mbal.ch\\\/en\\\/le-mbal\\\/\"},{\"@type\":\"ListItem\",\"position\":3,\"name\":\"Friends of the MBAL\"}]},{\"@type\":\"WebSite\",\"@id\":\"https:\\\/\\\/www.mbal.ch\\\/#website\",\"url\":\"https:\\\/\\\/www.mbal.ch\\\/\",\"name\":\"MBAL\",\"description\":\"Mus\u00e9e des beaux-arts du Locle\",\"publisher\":{\"@id\":\"https:\\\/\\\/www.mbal.ch\\\/#organization\"},\"potentialAction\":[{\"@type\":\"SearchAction\",\"target\":{\"@type\":\"EntryPoint\",\"urlTemplate\":\"https:\\\/\\\/www.mbal.ch\\\/?s={search_term_string}\"},\"query-input\":{\"@type\":\"PropertyValueSpecification\",\"valueRequired\":true,\"valueName\":\"search_term_string\"}}],\"inLanguage\":\"en-US\"},{\"@type\":\"Organization\",\"@id\":\"https:\\\/\\\/www.mbal.ch\\\/#organization\",\"name\":\"Mus\u00e9e des beaux-arts du Locle\",\"url\":\"https:\\\/\\\/www.mbal.ch\\\/\",\"logo\":{\"@type\":\"ImageObject\",\"inLanguage\":\"en-US\",\"@id\":\"https:\\\/\\\/www.mbal.ch\\\/#\\\/schema\\\/logo\\\/image\\\/\",\"url\":\"https:\\\/\\\/www.mbal.ch\\\/mbalwp\\\/wp-content\\\/uploads\\\/2021\\\/01\\\/cropped-favicon_mbal.png\",\"contentUrl\":\"https:\\\/\\\/www.mbal.ch\\\/mbalwp\\\/wp-content\\\/uploads\\\/2021\\\/01\\\/cropped-favicon_mbal.png\",\"width\":512,\"height\":512,\"caption\":\"Mus\u00e9e des beaux-arts du Locle\"},\"image\":{\"@id\":\"https:\\\/\\\/www.mbal.ch\\\/#\\\/schema\\\/logo\\\/image\\\/\"},\"sameAs\":[\"https:\\\/\\\/www.facebook.com\\\/mbalelocle\\\/?fref=ts\",\"https:\\\/\\\/www.instagram.com\\\/mbalelocle\\\/\"]}]}<\/script>\n<!-- \/ Yoast SEO plugin. -->","yoast_head_json":{"title":"Friends of the MBAL - MBAL","robots":{"index":"index","follow":"follow","max-snippet":"max-snippet:-1","max-image-preview":"max-image-preview:large","max-video-preview":"max-video-preview:-1"},"canonical":"https:\/\/www.mbal.ch\/en\/le-mbal\/amis-du-mbal\/","og_locale":"en_US","og_type":"article","og_title":"Friends of the MBAL - MBAL","og_description":"Established in 1862, the Soci\u00e9t\u00e9 des beaux-arts et du mus\u00e9e is at the origin of the MBAL\u2019s foundation in 1864. Since its creation and as the main owner, the Society has contributed to maintain and increase the collection and a demanding cultural program. Very active in the museum&#8217;s development and the cultural outreach, it includes [&hellip;]","og_url":"https:\/\/www.mbal.ch\/en\/le-mbal\/amis-du-mbal\/","og_site_name":"MBAL","article_publisher":"https:\/\/www.facebook.com\/mbalelocle\/?fref=ts","article_modified_time":"2026-09-03T15:00:31+00:00","og_image":[{"width":2250,"height":1500,"url":"https:\/\/www.mbal.ch\/mbalwp\/wp-content\/uploads\/2024\/07\/MBAL-1023-web-52-2.jpg","type":"image\/jpeg"}],"twitter_card":"summary_large_image","twitter_misc":{"Est. reading time":"3 minutes"},"schema":{"@context":"https:\/\/schema.org","@graph":[{"@type":"WebPage","@id":"https:\/\/www.mbal.ch\/en\/le-mbal\/amis-du-mbal\/","url":"https:\/\/www.mbal.ch\/en\/le-mbal\/amis-du-mbal\/","name":"Friends of the MBAL - MBAL","isPartOf":{"@id":"https:\/\/www.mbal.ch\/#website"},"primaryImageOfPage":{"@id":"https:\/\/www.mbal.ch\/en\/le-mbal\/amis-du-mbal\/#primaryimage"},"image":{"@id":"https:\/\/www.mbal.ch\/en\/le-mbal\/amis-du-mbal\/#primaryimage"},"thumbnailUrl":"https:\/\/www.mbal.ch\/mbalwp\/wp-content\/uploads\/2024\/07\/MBAL-1023-web-52-2.jpg","datePublished":"2021-01-04T10:31:21+00:00","dateModified":"2026-09-03T15:00:31+00:00","breadcrumb":{"@id":"https:\/\/www.mbal.ch\/en\/le-mbal\/amis-du-mbal\/#breadcrumb"},"inLanguage":"en-US","potentialAction":[{"@type":"ReadAction","target":["https:\/\/www.mbal.ch\/en\/le-mbal\/amis-du-mbal\/"]}]},{"@type":"ImageObject","inLanguage":"en-US","@id":"https:\/\/www.mbal.ch\/en\/le-mbal\/amis-du-mbal\/#primaryimage","url":"https:\/\/www.mbal.ch\/mbalwp\/wp-content\/uploads\/2024\/07\/MBAL-1023-web-52-2.jpg","contentUrl":"https:\/\/www.mbal.ch\/mbalwp\/wp-content\/uploads\/2024\/07\/MBAL-1023-web-52-2.jpg","width":2250,"height":1500},{"@type":"BreadcrumbList","@id":"https:\/\/www.mbal.ch\/en\/le-mbal\/amis-du-mbal\/#breadcrumb","itemListElement":[{"@type":"ListItem","position":1,"name":"Accueil","item":"https:\/\/www.mbal.ch\/en\/"},{"@type":"ListItem","position":2,"name":"The MBAL","item":"https:\/\/www.mbal.ch\/en\/le-mbal\/"},{"@type":"ListItem","position":3,"name":"Friends of the MBAL"}]},{"@type":"WebSite","@id":"https:\/\/www.mbal.ch\/#website","url":"https:\/\/www.mbal.ch\/","name":"MBAL","description":"Mus\u00e9e des beaux-arts du Locle","publisher":{"@id":"https:\/\/www.mbal.ch\/#organization"},"potentialAction":[{"@type":"SearchAction","target":{"@type":"EntryPoint","urlTemplate":"https:\/\/www.mbal.ch\/?s={search_term_string}"},"query-input":{"@type":"PropertyValueSpecification","valueRequired":true,"valueName":"search_term_string"}}],"inLanguage":"en-US"},{"@type":"Organization","@id":"https:\/\/www.mbal.ch\/#organization","name":"Mus\u00e9e des beaux-arts du Locle","url":"https:\/\/www.mbal.ch\/","logo":{"@type":"ImageObject","inLanguage":"en-US","@id":"https:\/\/www.mbal.ch\/#\/schema\/logo\/image\/","url":"https:\/\/www.mbal.ch\/mbalwp\/wp-content\/uploads\/2021\/01\/cropped-favicon_mbal.png","contentUrl":"https:\/\/www.mbal.ch\/mbalwp\/wp-content\/uploads\/2021\/01\/cropped-favicon_mbal.png","width":512,"height":512,"caption":"Mus\u00e9e des beaux-arts du Locle"},"image":{"@id":"https:\/\/www.mbal.ch\/#\/schema\/logo\/image\/"},"sameAs":["https:\/\/www.facebook.com\/mbalelocle\/?fref=ts","https:\/\/www.instagram.com\/mbalelocle\/"]}]}},"_links":{"self":[{"href":"https:\/\/www.mbal.ch\/en\/wp-json\/wp\/v2\/pages\/1519","targetHints":{"allow":["GET"]}}],"collection":[{"href":"https:\/\/www.mbal.ch\/en\/wp-json\/wp\/v2\/pages"}],"about":[{"href":"https:\/\/www.mbal.ch\/en\/wp-json\/wp\/v2\/types\/page"}],"author":[{"embeddable":true,"href":"https:\/\/www.mbal.ch\/en\/wp-json\/wp\/v2\/users\/1"}],"replies":[{"embeddable":true,"href":"https:\/\/www.mbal.ch\/en\/wp-json\/wp\/v2\/comments?post=1519"}],"version-history":[{"count":19,"href":"https:\/\/www.mbal.ch\/en\/wp-json\/wp\/v2\/pages\/1519\/revisions"}],"predecessor-version":[{"id":10314,"href":"https:\/\/www.mbal.ch\/en\/wp-json\/wp\/v2\/pages\/1519\/revisions\/10314"}],"up":[{"embeddable":true,"href":"https:\/\/www.mbal.ch\/en\/wp-json\/wp\/v2\/pages\/1518"}],"wp:featuredmedia":[{"embeddable":true,"href":"https:\/\/www.mbal.ch\/en\/wp-json\/wp\/v2\/media\/6456"}],"wp:attachment":[{"href":"https:\/\/www.mbal.ch\/en\/wp-json\/wp\/v2\/media?parent=1519"}],"curies":[{"name":"wp","href":"https:\/\/api.w.org\/{rel}","templated":true}]}}