{"id":1425,"date":"2021-02-10T13:22:08","date_gmt":"2021-02-10T12:22:08","guid":{"rendered":"https:\/\/hawai.li\/mbal\/expo\/varietes-revue-davant-garde\/"},"modified":"2024-10-23T14:03:37","modified_gmt":"2024-10-23T12:03:37","slug":"varietes-revue-davant-garde","status":"publish","type":"exposition","link":"https:\/\/www.mbal.ch\/en\/expo\/varietes-revue-davant-garde\/","title":{"rendered":"VARI\u00c9T\u00c9S, Revue d\u2019avant-garde"},"content":{"rendered":"\n<h2 class=\"wp-block-heading\">Berenice Abbott, Florence Henri, Germaine Krull&#8230; The Amsab collection: a revelation<\/h2>\n\n\n\n<p>Few people have heard of the Belgian magazine<em>\u00a0<\/em><strong><em>Vari\u00e9t\u00e9s<\/em>.<\/strong> It was short lived \u2013 only two years \u2013 but what an intense two years! The biggest names in inter-war photography collaborated with this monthly magazine, which only produced 25 issues. The exhibition takes us on a journey into the artistic avant-garde of the first half of the 20th century, notably Surrealism. The magazine was published in Brussels between May 1928 and April 1930. Its predecessor, the magazine<em>\u00a0Le Centaure<\/em>, described Vari\u00e9t\u00e9s as follows: \u201cEverything is unexpected. When you open this magazine, you don\u2019t know and you can\u2019t even guess what is in it. And what you find is always new.\u201d\u00a0<em>Vari\u00e9t\u00e9s<\/em>\u00a0surprises by the diversity of fields and subjects it covered and by the quality of its photographs, which play a major role, announcing the boom of illustrated magazines in the 1930s.<\/p>\n\n\n\n<p>The exhibition was created from the archives of&nbsp;<em>Vooruit<\/em>, a newspaper from Ghent that disappeared in 1978. Transferred to Amsab (Social History Institute in Ghent), these archives were found some 20 years ago among 150,000 press images. The founder of the magazine, Paul-Gustave Van Hecke was an art lover, close to socialist circles. He never stopped promoting Belgian and international avant-garde art during the inter-war period and participated in the creation of various magazines, the \u00c9poque gallery and even a fashion house. He launched&nbsp;<em>Vari\u00e9t\u00e9s. Revue mensuelle illustr\u00e9e de l\u2019esprit contemporain<\/em>&nbsp;in 1928 with E.L.T. Mesens, pianist, poet and founder of the Belgian surrealist movement. They published articles on new artistic trends without making any distinctions between art disciplines. Texts, photographs and illustrations were assembled like a surrealist collage.<\/p>\n\n\n\n<p>Van Hecke wanted to highlight photography, a medium synonymous with the modern world, and approached Man Ray, L\u00e1zl\u00f3 Moholy-Nagy, Berenice Abbott, Eli Lotar, Andr\u00e9 Kert\u00e9sz, Germaine Krull and Florence Henri, favouring photographers that gave room to visual experimentation and the unexpected. Through the choice of viewpoints and framing, they reflect, through the image, the power and enthusiasm that characterized the emerging 20th century. The magazine, which also featured painters of the time, folded following the crash of 1929.<\/p>\n\n\n\n<p><em>The exhibition, which brings together all 25 issues of the magazine with more than 170 original photographs, is co-produced by Amsab \u2013 Institute for Social History, Ghent, Tijdsbeeld &amp; Pi\u00e8ce Mont\u00e9e, Ghent and&nbsp;<a rel=\"noreferrer noopener\" href=\"https:\/\/www.rencontres-arles.com\/\" target=\"_blank\">Rencontres d\u2019Arles<\/a>. The exhibition is curated by Sam Stourdz\u00e9, in collaboration with Ronny Gobyn and Damarice Amao..<\/em><\/p>\n\n\n\n<figure class=\"wp-block-image size-large\"><img loading=\"lazy\" decoding=\"async\" width=\"1024\" height=\"119\" src=\"https:\/\/www.mbal.ch\/mbalwp\/wp-content\/uploads\/2021\/02\/Bandes-Arles-Pieces-Montees-Amsab-1-1140x133-1-1024x119.png\" alt=\"\" class=\"wp-image-655\" srcset=\"https:\/\/www.mbal.ch\/mbalwp\/wp-content\/uploads\/2021\/02\/Bandes-Arles-Pieces-Montees-Amsab-1-1140x133-1-1024x119.png 1024w, https:\/\/www.mbal.ch\/mbalwp\/wp-content\/uploads\/2021\/02\/Bandes-Arles-Pieces-Montees-Amsab-1-1140x133-1-300x35.png 300w, https:\/\/www.mbal.ch\/mbalwp\/wp-content\/uploads\/2021\/02\/Bandes-Arles-Pieces-Montees-Amsab-1-1140x133-1-768x90.png 768w, https:\/\/www.mbal.ch\/mbalwp\/wp-content\/uploads\/2021\/02\/Bandes-Arles-Pieces-Montees-Amsab-1-1140x133-1-1536x179.png 1536w, https:\/\/www.mbal.ch\/mbalwp\/wp-content\/uploads\/2021\/02\/Bandes-Arles-Pieces-Montees-Amsab-1-1140x133-1-2048x238.png 2048w, https:\/\/www.mbal.ch\/mbalwp\/wp-content\/uploads\/2021\/02\/Bandes-Arles-Pieces-Montees-Amsab-1-1140x133-1.png 1140w\" sizes=\"auto, (max-width: 1024px) 100vw, 1024px\" \/><\/figure>\n","protected":false},"featured_media":1192,"template":"","class_list":["post-1425","exposition","type-exposition","status-publish","has-post-thumbnail","hentry"],"acf":[],"yoast_head":"<!-- This site is optimized with the Yoast SEO plugin v27.4 - https:\/\/yoast.com\/product\/yoast-seo-wordpress\/ -->\n<title>VARI\u00c9T\u00c9S, Revue d\u2019avant-garde - MBAL<\/title>\n<meta name=\"robots\" content=\"index, follow, max-snippet:-1, max-image-preview:large, max-video-preview:-1\" \/>\n<link rel=\"canonical\" href=\"https:\/\/www.mbal.ch\/en\/expo\/varietes-revue-davant-garde\/\" \/>\n<meta property=\"og:locale\" content=\"en_US\" \/>\n<meta property=\"og:type\" content=\"article\" \/>\n<meta property=\"og:title\" content=\"VARI\u00c9T\u00c9S, Revue d\u2019avant-garde - MBAL\" \/>\n<meta property=\"og:description\" content=\"Berenice Abbott, Florence Henri, Germaine Krull&#8230; The Amsab collection: a revelation Few people have heard of the Belgian magazine\u00a0Vari\u00e9t\u00e9s. It was short lived \u2013 only two years \u2013 but what an intense two years! The biggest names in inter-war photography collaborated with this monthly magazine, which only produced 25 issues. The exhibition takes us on [&hellip;]\" \/>\n<meta property=\"og:url\" content=\"https:\/\/www.mbal.ch\/en\/expo\/varietes-revue-davant-garde\/\" \/>\n<meta property=\"og:site_name\" content=\"MBAL\" \/>\n<meta property=\"article:publisher\" content=\"https:\/\/www.facebook.com\/mbalelocle\/?fref=ts\" \/>\n<meta property=\"article:modified_time\" content=\"2024-10-23T12:03:37+00:00\" \/>\n<meta property=\"og:image\" content=\"https:\/\/www.mbal.ch\/mbalwp\/wp-content\/uploads\/2021\/02\/20-02-21_mbal_017-2-scaled-1.jpg\" \/>\n\t<meta property=\"og:image:width\" content=\"2560\" \/>\n\t<meta property=\"og:image:height\" content=\"1829\" \/>\n\t<meta property=\"og:image:type\" content=\"image\/jpeg\" \/>\n<meta name=\"twitter:card\" content=\"summary_large_image\" \/>\n<meta name=\"twitter:label1\" content=\"Est. reading time\" \/>\n\t<meta name=\"twitter:data1\" content=\"1 minute\" \/>\n<script type=\"application\/ld+json\" class=\"yoast-schema-graph\">{\"@context\":\"https:\\\/\\\/schema.org\",\"@graph\":[{\"@type\":\"WebPage\",\"@id\":\"https:\\\/\\\/www.mbal.ch\\\/en\\\/expo\\\/varietes-revue-davant-garde\\\/\",\"url\":\"https:\\\/\\\/www.mbal.ch\\\/en\\\/expo\\\/varietes-revue-davant-garde\\\/\",\"name\":\"VARI\u00c9T\u00c9S, Revue d\u2019avant-garde - MBAL\",\"isPartOf\":{\"@id\":\"https:\\\/\\\/www.mbal.ch\\\/#website\"},\"primaryImageOfPage\":{\"@id\":\"https:\\\/\\\/www.mbal.ch\\\/en\\\/expo\\\/varietes-revue-davant-garde\\\/#primaryimage\"},\"image\":{\"@id\":\"https:\\\/\\\/www.mbal.ch\\\/en\\\/expo\\\/varietes-revue-davant-garde\\\/#primaryimage\"},\"thumbnailUrl\":\"https:\\\/\\\/www.mbal.ch\\\/mbalwp\\\/wp-content\\\/uploads\\\/2021\\\/02\\\/20-02-21_mbal_017-2-scaled-1.jpg\",\"datePublished\":\"2021-02-10T12:22:08+00:00\",\"dateModified\":\"2024-10-23T12:03:37+00:00\",\"breadcrumb\":{\"@id\":\"https:\\\/\\\/www.mbal.ch\\\/en\\\/expo\\\/varietes-revue-davant-garde\\\/#breadcrumb\"},\"inLanguage\":\"en-US\",\"potentialAction\":[{\"@type\":\"ReadAction\",\"target\":[\"https:\\\/\\\/www.mbal.ch\\\/en\\\/expo\\\/varietes-revue-davant-garde\\\/\"]}]},{\"@type\":\"ImageObject\",\"inLanguage\":\"en-US\",\"@id\":\"https:\\\/\\\/www.mbal.ch\\\/en\\\/expo\\\/varietes-revue-davant-garde\\\/#primaryimage\",\"url\":\"https:\\\/\\\/www.mbal.ch\\\/mbalwp\\\/wp-content\\\/uploads\\\/2021\\\/02\\\/20-02-21_mbal_017-2-scaled-1.jpg\",\"contentUrl\":\"https:\\\/\\\/www.mbal.ch\\\/mbalwp\\\/wp-content\\\/uploads\\\/2021\\\/02\\\/20-02-21_mbal_017-2-scaled-1.jpg\",\"width\":2560,\"height\":1829,\"caption\":\"\u00a9 2020, Mus\u00e9e des beaux-arts du Locle. Photographie : Guillaume Baeriswyl. Tous droits r\u00e9serv\u00e9s\"},{\"@type\":\"BreadcrumbList\",\"@id\":\"https:\\\/\\\/www.mbal.ch\\\/en\\\/expo\\\/varietes-revue-davant-garde\\\/#breadcrumb\",\"itemListElement\":[{\"@type\":\"ListItem\",\"position\":1,\"name\":\"Accueil\",\"item\":\"https:\\\/\\\/www.mbal.ch\\\/en\\\/\"},{\"@type\":\"ListItem\",\"position\":2,\"name\":\"VARI\u00c9T\u00c9S, Revue d\u2019avant-garde\"}]},{\"@type\":\"WebSite\",\"@id\":\"https:\\\/\\\/www.mbal.ch\\\/#website\",\"url\":\"https:\\\/\\\/www.mbal.ch\\\/\",\"name\":\"MBAL\",\"description\":\"Mus\u00e9e des beaux-arts du Locle\",\"publisher\":{\"@id\":\"https:\\\/\\\/www.mbal.ch\\\/#organization\"},\"potentialAction\":[{\"@type\":\"SearchAction\",\"target\":{\"@type\":\"EntryPoint\",\"urlTemplate\":\"https:\\\/\\\/www.mbal.ch\\\/?s={search_term_string}\"},\"query-input\":{\"@type\":\"PropertyValueSpecification\",\"valueRequired\":true,\"valueName\":\"search_term_string\"}}],\"inLanguage\":\"en-US\"},{\"@type\":\"Organization\",\"@id\":\"https:\\\/\\\/www.mbal.ch\\\/#organization\",\"name\":\"Mus\u00e9e des beaux-arts du Locle\",\"url\":\"https:\\\/\\\/www.mbal.ch\\\/\",\"logo\":{\"@type\":\"ImageObject\",\"inLanguage\":\"en-US\",\"@id\":\"https:\\\/\\\/www.mbal.ch\\\/#\\\/schema\\\/logo\\\/image\\\/\",\"url\":\"https:\\\/\\\/www.mbal.ch\\\/mbalwp\\\/wp-content\\\/uploads\\\/2021\\\/01\\\/cropped-favicon_mbal.png\",\"contentUrl\":\"https:\\\/\\\/www.mbal.ch\\\/mbalwp\\\/wp-content\\\/uploads\\\/2021\\\/01\\\/cropped-favicon_mbal.png\",\"width\":512,\"height\":512,\"caption\":\"Mus\u00e9e des beaux-arts du Locle\"},\"image\":{\"@id\":\"https:\\\/\\\/www.mbal.ch\\\/#\\\/schema\\\/logo\\\/image\\\/\"},\"sameAs\":[\"https:\\\/\\\/www.facebook.com\\\/mbalelocle\\\/?fref=ts\",\"https:\\\/\\\/www.instagram.com\\\/mbalelocle\\\/\"]}]}<\/script>\n<!-- \/ Yoast SEO plugin. -->","yoast_head_json":{"title":"VARI\u00c9T\u00c9S, Revue d\u2019avant-garde - MBAL","robots":{"index":"index","follow":"follow","max-snippet":"max-snippet:-1","max-image-preview":"max-image-preview:large","max-video-preview":"max-video-preview:-1"},"canonical":"https:\/\/www.mbal.ch\/en\/expo\/varietes-revue-davant-garde\/","og_locale":"en_US","og_type":"article","og_title":"VARI\u00c9T\u00c9S, Revue d\u2019avant-garde - MBAL","og_description":"Berenice Abbott, Florence Henri, Germaine Krull&#8230; The Amsab collection: a revelation Few people have heard of the Belgian magazine\u00a0Vari\u00e9t\u00e9s. It was short lived \u2013 only two years \u2013 but what an intense two years! The biggest names in inter-war photography collaborated with this monthly magazine, which only produced 25 issues. The exhibition takes us on [&hellip;]","og_url":"https:\/\/www.mbal.ch\/en\/expo\/varietes-revue-davant-garde\/","og_site_name":"MBAL","article_publisher":"https:\/\/www.facebook.com\/mbalelocle\/?fref=ts","article_modified_time":"2024-10-23T12:03:37+00:00","og_image":[{"width":2560,"height":1829,"url":"https:\/\/www.mbal.ch\/mbalwp\/wp-content\/uploads\/2021\/02\/20-02-21_mbal_017-2-scaled-1.jpg","type":"image\/jpeg"}],"twitter_card":"summary_large_image","twitter_misc":{"Est. reading time":"1 minute"},"schema":{"@context":"https:\/\/schema.org","@graph":[{"@type":"WebPage","@id":"https:\/\/www.mbal.ch\/en\/expo\/varietes-revue-davant-garde\/","url":"https:\/\/www.mbal.ch\/en\/expo\/varietes-revue-davant-garde\/","name":"VARI\u00c9T\u00c9S, Revue d\u2019avant-garde - MBAL","isPartOf":{"@id":"https:\/\/www.mbal.ch\/#website"},"primaryImageOfPage":{"@id":"https:\/\/www.mbal.ch\/en\/expo\/varietes-revue-davant-garde\/#primaryimage"},"image":{"@id":"https:\/\/www.mbal.ch\/en\/expo\/varietes-revue-davant-garde\/#primaryimage"},"thumbnailUrl":"https:\/\/www.mbal.ch\/mbalwp\/wp-content\/uploads\/2021\/02\/20-02-21_mbal_017-2-scaled-1.jpg","datePublished":"2021-02-10T12:22:08+00:00","dateModified":"2024-10-23T12:03:37+00:00","breadcrumb":{"@id":"https:\/\/www.mbal.ch\/en\/expo\/varietes-revue-davant-garde\/#breadcrumb"},"inLanguage":"en-US","potentialAction":[{"@type":"ReadAction","target":["https:\/\/www.mbal.ch\/en\/expo\/varietes-revue-davant-garde\/"]}]},{"@type":"ImageObject","inLanguage":"en-US","@id":"https:\/\/www.mbal.ch\/en\/expo\/varietes-revue-davant-garde\/#primaryimage","url":"https:\/\/www.mbal.ch\/mbalwp\/wp-content\/uploads\/2021\/02\/20-02-21_mbal_017-2-scaled-1.jpg","contentUrl":"https:\/\/www.mbal.ch\/mbalwp\/wp-content\/uploads\/2021\/02\/20-02-21_mbal_017-2-scaled-1.jpg","width":2560,"height":1829,"caption":"\u00a9 2020, Mus\u00e9e des beaux-arts du Locle. Photographie : Guillaume Baeriswyl. Tous droits r\u00e9serv\u00e9s"},{"@type":"BreadcrumbList","@id":"https:\/\/www.mbal.ch\/en\/expo\/varietes-revue-davant-garde\/#breadcrumb","itemListElement":[{"@type":"ListItem","position":1,"name":"Accueil","item":"https:\/\/www.mbal.ch\/en\/"},{"@type":"ListItem","position":2,"name":"VARI\u00c9T\u00c9S, Revue d\u2019avant-garde"}]},{"@type":"WebSite","@id":"https:\/\/www.mbal.ch\/#website","url":"https:\/\/www.mbal.ch\/","name":"MBAL","description":"Mus\u00e9e des beaux-arts du Locle","publisher":{"@id":"https:\/\/www.mbal.ch\/#organization"},"potentialAction":[{"@type":"SearchAction","target":{"@type":"EntryPoint","urlTemplate":"https:\/\/www.mbal.ch\/?s={search_term_string}"},"query-input":{"@type":"PropertyValueSpecification","valueRequired":true,"valueName":"search_term_string"}}],"inLanguage":"en-US"},{"@type":"Organization","@id":"https:\/\/www.mbal.ch\/#organization","name":"Mus\u00e9e des beaux-arts du Locle","url":"https:\/\/www.mbal.ch\/","logo":{"@type":"ImageObject","inLanguage":"en-US","@id":"https:\/\/www.mbal.ch\/#\/schema\/logo\/image\/","url":"https:\/\/www.mbal.ch\/mbalwp\/wp-content\/uploads\/2021\/01\/cropped-favicon_mbal.png","contentUrl":"https:\/\/www.mbal.ch\/mbalwp\/wp-content\/uploads\/2021\/01\/cropped-favicon_mbal.png","width":512,"height":512,"caption":"Mus\u00e9e des beaux-arts du Locle"},"image":{"@id":"https:\/\/www.mbal.ch\/#\/schema\/logo\/image\/"},"sameAs":["https:\/\/www.facebook.com\/mbalelocle\/?fref=ts","https:\/\/www.instagram.com\/mbalelocle\/"]}]}},"_links":{"self":[{"href":"https:\/\/www.mbal.ch\/en\/wp-json\/wp\/v2\/exposition\/1425","targetHints":{"allow":["GET"]}}],"collection":[{"href":"https:\/\/www.mbal.ch\/en\/wp-json\/wp\/v2\/exposition"}],"about":[{"href":"https:\/\/www.mbal.ch\/en\/wp-json\/wp\/v2\/types\/exposition"}],"wp:featuredmedia":[{"embeddable":true,"href":"https:\/\/www.mbal.ch\/en\/wp-json\/wp\/v2\/media\/1192"}],"wp:attachment":[{"href":"https:\/\/www.mbal.ch\/en\/wp-json\/wp\/v2\/media?parent=1425"}],"curies":[{"name":"wp","href":"https:\/\/api.w.org\/{rel}","templated":true}]}}