{"id":4561,"date":"2023-09-20T13:51:00","date_gmt":"2023-09-20T11:51:00","guid":{"rendered":"https:\/\/www.mbal.ch\/?post_type=agenda&#038;p=4561"},"modified":"2023-12-05T17:41:28","modified_gmt":"2023-12-05T16:41:28","slug":"christmas-market-at-the-mbal","status":"publish","type":"agenda","link":"https:\/\/www.mbal.ch\/en\/evenement\/christmas-market-at-the-mbal\/","title":{"rendered":"Christmas market at the MBAL"},"content":{"rendered":"\n<p>For one day, the museum transforms itself into a market with a big selection of creators and artists, where you can come and find your most beautiful Christmas gifts! Free entry.<\/p>\n\n\n\n<hr class=\"wp-block-separator has-text-color has-white-color has-alpha-channel-opacity has-white-background-color has-background\"\/>\n\n\n\n<p>Here are the talented artists you&#8217;ll be able to meet at the event:<\/p>\n\n\n\n<p class=\"has-black-color has-text-color has-link-color wp-elements-e06362119abe87ab32c79ef5f910493e\"><strong><a href=\"http:\/\/suzanneweber.ch\">Suzanne Weber<\/a><\/strong> explores various artistic disciplines: illustration, motion design and ceramics. She&#8217;ll be taking you on a journey through her colourful world, defending causes such as feminism and ecology.<\/p>\n\n\n\n<p class=\"has-black-color has-text-color has-link-color wp-elements-e5da09686fb6eb4d65cf10131d9829a0\"><strong><a href=\"http:\/\/instagram.com\/tisane.froide\/\">Tisane froide<\/a><\/strong> questions norms and creates in a variety of media: stickers, colouring books and ceramic pieces. Drawing is also her preferred way of campaigning for self-love and against patriarchalism.<\/p>\n\n\n\n<p class=\"has-black-color has-text-color has-link-color wp-elements-8176607f564b98b9dc673b5fd4135508\">Founded by Jessica Vaucher and St\u00e9phanie Pfister, <strong><a href=\"http:\/\/ripopee.net\">Ripop\u00e9e <\/a><\/strong>is an artists&#8217; book publishing collective that organises events with the aim of establishing connections between artists and structures.<\/p>\n\n\n\n<p class=\"has-black-color has-text-color has-link-color wp-elements-a6ef45156ac4c411247bccaa5e1a9fde\"><strong><a href=\"http:\/\/instagram.com\/leo_makes_stuff_\/\">L\u00e9o Makes Stuff<\/a> <\/strong>takes the traditional art of cross-stitch and brings it up to date with her humorous and committed embroidered paintings. She is also developing other creative and DIY projects.<\/p>\n\n\n\n<p class=\"has-black-color has-text-color has-link-color wp-elements-bf04cffd29a8d10943599adada31d802\"><strong><a href=\"http:\/\/instagram.com\/atelier_lavoliere\/\">Sonia Kaya<\/a><\/strong> is a commercial decorator, visual communications designer and glass designer. In 2021, she discovered the art of stained glass and decided to devote a large part of her time to it, interpreting this age-old discipline with her own codes.<\/p>\n\n\n\n<p class=\"has-black-color has-text-color has-link-color wp-elements-0445a7d0624b865893fa88f4bdf7ae6b\"><strong><a href=\"http:\/\/instagram.com\/douceursrichard\/\">Douceurs Richard<\/a><\/strong> offers artisanal products made in Neuch\u00e2tel with fir buds (syrups, liqueur and jelly), chilli jam, aubergine velout\u00e9 and \u0153ufolique (an alcohol with cream and egg).<\/p>\n\n\n\n<p class=\"has-black-color has-text-color has-link-color wp-elements-03154a57ca23c5ed276e28c13b465c05\"><strong><a href=\"http:\/\/instagram.com\/mauvaiseherbe_fleurslocales\/\">Mauvaise Herbe ?<\/a><\/strong> is all about local, second-hand and zero waste. It&#8217;s a new way of looking at the natural world around us, cherishing it and making it sublime.<\/p>\n\n\n\n<p class=\"has-black-color has-text-color has-link-color wp-elements-12af394cbd82395c1aafac9b50aba53f\"><strong><a href=\"http:\/\/instagram.com\/mille.957\/\">1957<\/a><\/strong>: 2 sisters, who had always been immersed in the world of imagination and creativity, took it upon themselves to play with yarns, pastes and colours to create hand-crafted crochet jewellery and accessories.<\/p>\n\n\n\n<p class=\"has-black-color has-text-color has-link-color wp-elements-ead716eabd67c9819d2f596c689cd185\">When you buy <strong><a href=\"http:\/\/etsy.com\/fr\/shop\/tinynaShop?fbclid=PAAab8yKfKXQzq93ic7WQ6bz7ca2Y4S5zoUrIxhc4A5dcLW-oZHhvzOnli5N0&amp;load_webview=1&amp;bid=A0gpSKuGMOuH9DV-5HLo8EjoeFFI\">Tinyna Art<\/a><\/strong> creations, you&#8217;ll find greetings cards for all occasions in a soft, childlike style. The designs are entirely imagined and drawn by the brand&#8217;s creator. Posters, perfect for framing to decorate a flat, will also be available.<\/p>\n\n\n\n<p class=\"has-black-color has-text-color has-link-color wp-elements-c6948faa4a47c473864a7a22804dd596\">Alongside her work as a tattoo artist, <strong><a href=\"http:\/\/instagram.com\/saracherry.tattoo\">Sara Cherry<\/a><\/strong> offers a series of prints combining plants and her love of history.<\/p>\n\n\n\n<p class=\"has-black-color has-text-color has-link-color wp-elements-f7eb0c0e21af23c8f0468b2215040eed\"><strong><a href=\"http:\/\/aliceizzo.com\">Alice Izzo<\/a><\/strong> offers a world halfway between the figurative and the abstract, the real and the imaginary. Her simple, powerful compositions using a colourful palette give her drawings a poetic, luminous touch, transporting us into a sunny, festive and idle atmosphere.<\/p>\n\n\n\n<p class=\"has-black-color has-text-color has-link-color wp-elements-c7e2ce0b7847cac6345a3949a334ec3d\"><strong><a href=\"http:\/\/etsy.com\/fr\/shop\/evarcenciel?ref=seller-platform-mcnav\">Evarcenciel<\/a> <\/strong>offers handmade pouches made from recycled crisp and chocolate wrappers. Other fabric pouches follow the seasons and are accompanied by bags and tote bags, perfect accessories for all occasions in a colourful universe with pop accents.<\/p>\n\n\n\n<p class=\"has-black-color has-text-color has-link-color wp-elements-e4a9f786040726d5c6ed45a180c11c8c\"><strong><a href=\"http:\/\/cotoon.shop\">Cotoon<\/a> <\/strong>is a Swiss brand that offers clothing and accessories for families who value physiology and natural materials!<\/p>\n\n\n\n<p class=\"has-black-color has-text-color has-link-color wp-elements-f0a353bca02a79647bbbbfbf7a4b2bf4\">Using linoleum sheets, <strong>Micka\u00ebl Morel<\/strong> reproduces his nightmarish visuals on different media using relief printing processes. No press is used, all the prints are made by hand, which makes them all different.<\/p>\n\n\n\n<p class=\"has-black-color has-text-color has-link-color wp-elements-5491359d8b7e5210c5465a35ccbc0f1f\"><strong><a href=\"http:\/\/inaoris.com\">Inaoris<\/a> <\/strong>is a Geneva-based brand of costume jewellery with a colourful, pop and acidulous style. With a focus on creativity, Inaoris earrings combine soft, generous curves with a bold palette of colours. The brand&#8217;s favourite materials are acrylic, Plexiglas and cellulose acetate, worked in all their forms.<\/p>\n\n\n\n<p class=\"has-black-color has-text-color has-link-color wp-elements-96359cda08fdf46247d8880748b07b73\"><strong><a href=\"http:\/\/tanjamougin.com\">kocoon<\/a> <\/strong>candles are entirely handmade in St-Aubin-Sauges. Delicate scents like cotton flower and rice powder, woody scents like tonka bean and leather &amp; wood, or gourmand scents like white nougat and almonds, the fragrances are certified phthalate-free and the wax is 100% natural. kocoon offers a range of colours and container formats that can be reused as a bowl, glass or salad bowl once the candle is finished.<\/p>\n\n\n\n<p class=\"has-black-color has-text-color has-link-color wp-elements-3be37af19d7a53a78c4354e14870a5db\"><strong><a href=\"http:\/\/instagram.com\/la_braise1700\/\">La Braise<\/a><\/strong> is a ginger liqueur from Fribourg, with the taste of the vibrations born from the darkness of concert halls. It&#8217;s lovingly crafted in a vaulted cellar in the Bolzes and will light the flame in your soul with its pungent flavours of ginger and apple juice.<\/p>\n\n\n\n<p class=\"has-black-color has-text-color has-link-color wp-elements-0f0e80e5d9b9dd8703d8a0000a26903c\"><a href=\"https:\/\/www.xpersonnes.studio\"><strong>X Personnes<\/strong><\/a> is a creative studio based in La Chaux-de-Fonds, which focuses on clothing. X is made up of two graphic designers, a screen printer, a coordinator and a stylist. Constantly on the lookout for new forms to give to their ideas, as a multidisciplinary collective they nurture their work through collaborations with artists from diverse backgrounds.<\/p>\n\n\n\n<p class=\"has-black-color has-text-color has-link-color wp-elements-cca69fe76166a275071d0987a207f999\"><strong><a href=\"http:\/\/wilsonprod.bigcartel.com\">Cy Wilson<\/a><\/strong> is an artist who paints on canvas and paper, and produces linocuts and silkscreen prints.<\/p>\n\n\n\n<p class=\"has-black-color has-text-color has-link-color wp-elements-2f92c7a351d72eb5f11a878b6c34261f\"><strong><a href=\"http:\/\/wilsonprod.bigcartel.com\">Ana\u00efs Jumel<\/a><\/strong> creates erotic illustrations in small and large formats, all unique pieces. She also produces linocuts and screen prints.<\/p>\n","protected":false},"featured_media":4485,"template":"","agenda_category":[24],"class_list":["post-4561","agenda","type-agenda","status-publish","has-post-thumbnail","hentry","agenda_category-visits"],"acf":[],"yoast_head":"<!-- This site is optimized with the Yoast SEO plugin v27.4 - https:\/\/yoast.com\/product\/yoast-seo-wordpress\/ -->\n<title>Christmas market at the MBAL - MBAL<\/title>\n<meta name=\"robots\" content=\"index, follow, max-snippet:-1, max-image-preview:large, max-video-preview:-1\" \/>\n<link rel=\"canonical\" href=\"https:\/\/www.mbal.ch\/en\/evenement\/christmas-market-at-the-mbal\/\" \/>\n<meta property=\"og:locale\" content=\"en_US\" \/>\n<meta property=\"og:type\" content=\"article\" \/>\n<meta property=\"og:title\" content=\"Christmas market at the MBAL - MBAL\" \/>\n<meta property=\"og:description\" content=\"For one day, the museum transforms itself into a market with a big selection of creators and artists, where you can come and find your most beautiful Christmas gifts! Free entry. Here are the talented artists you&#8217;ll be able to meet at the event: Suzanne Weber explores various artistic disciplines: illustration, motion design and ceramics. [&hellip;]\" \/>\n<meta property=\"og:url\" content=\"https:\/\/www.mbal.ch\/en\/evenement\/christmas-market-at-the-mbal\/\" \/>\n<meta property=\"og:site_name\" content=\"MBAL\" \/>\n<meta property=\"article:publisher\" content=\"https:\/\/www.facebook.com\/mbalelocle\/?fref=ts\" \/>\n<meta property=\"article:modified_time\" content=\"2023-12-05T16:41:28+00:00\" \/>\n<meta property=\"og:image\" content=\"https:\/\/www.mbal.ch\/mbalwp\/wp-content\/uploads\/2023\/08\/Capture-decran-2023-09-06-164707.png\" \/>\n\t<meta property=\"og:image:width\" content=\"740\" \/>\n\t<meta property=\"og:image:height\" content=\"886\" \/>\n\t<meta property=\"og:image:type\" content=\"image\/png\" \/>\n<meta name=\"twitter:card\" content=\"summary_large_image\" \/>\n<meta name=\"twitter:label1\" content=\"Est. reading time\" \/>\n\t<meta name=\"twitter:data1\" content=\"4 minutes\" \/>\n<script type=\"application\/ld+json\" class=\"yoast-schema-graph\">{\"@context\":\"https:\\\/\\\/schema.org\",\"@graph\":[{\"@type\":\"WebPage\",\"@id\":\"https:\\\/\\\/www.mbal.ch\\\/en\\\/evenement\\\/christmas-market-at-the-mbal\\\/\",\"url\":\"https:\\\/\\\/www.mbal.ch\\\/en\\\/evenement\\\/christmas-market-at-the-mbal\\\/\",\"name\":\"Christmas market at the MBAL - MBAL\",\"isPartOf\":{\"@id\":\"https:\\\/\\\/www.mbal.ch\\\/#website\"},\"primaryImageOfPage\":{\"@id\":\"https:\\\/\\\/www.mbal.ch\\\/en\\\/evenement\\\/christmas-market-at-the-mbal\\\/#primaryimage\"},\"image\":{\"@id\":\"https:\\\/\\\/www.mbal.ch\\\/en\\\/evenement\\\/christmas-market-at-the-mbal\\\/#primaryimage\"},\"thumbnailUrl\":\"https:\\\/\\\/www.mbal.ch\\\/mbalwp\\\/wp-content\\\/uploads\\\/2023\\\/08\\\/Capture-decran-2023-09-06-164707.png\",\"datePublished\":\"2023-09-20T11:51:00+00:00\",\"dateModified\":\"2023-12-05T16:41:28+00:00\",\"breadcrumb\":{\"@id\":\"https:\\\/\\\/www.mbal.ch\\\/en\\\/evenement\\\/christmas-market-at-the-mbal\\\/#breadcrumb\"},\"inLanguage\":\"en-US\",\"potentialAction\":[{\"@type\":\"ReadAction\",\"target\":[\"https:\\\/\\\/www.mbal.ch\\\/en\\\/evenement\\\/christmas-market-at-the-mbal\\\/\"]}]},{\"@type\":\"ImageObject\",\"inLanguage\":\"en-US\",\"@id\":\"https:\\\/\\\/www.mbal.ch\\\/en\\\/evenement\\\/christmas-market-at-the-mbal\\\/#primaryimage\",\"url\":\"https:\\\/\\\/www.mbal.ch\\\/mbalwp\\\/wp-content\\\/uploads\\\/2023\\\/08\\\/Capture-decran-2023-09-06-164707.png\",\"contentUrl\":\"https:\\\/\\\/www.mbal.ch\\\/mbalwp\\\/wp-content\\\/uploads\\\/2023\\\/08\\\/Capture-decran-2023-09-06-164707.png\",\"width\":740,\"height\":886,\"caption\":\"Maurice Mathey, Industrie, 1914, huile sur toile, Mus\u00e9e des Beaux-Arts Le Locle.\"},{\"@type\":\"BreadcrumbList\",\"@id\":\"https:\\\/\\\/www.mbal.ch\\\/en\\\/evenement\\\/christmas-market-at-the-mbal\\\/#breadcrumb\",\"itemListElement\":[{\"@type\":\"ListItem\",\"position\":1,\"name\":\"Accueil\",\"item\":\"https:\\\/\\\/www.mbal.ch\\\/en\\\/\"},{\"@type\":\"ListItem\",\"position\":2,\"name\":\"Christmas market at the MBAL\"}]},{\"@type\":\"WebSite\",\"@id\":\"https:\\\/\\\/www.mbal.ch\\\/#website\",\"url\":\"https:\\\/\\\/www.mbal.ch\\\/\",\"name\":\"MBAL\",\"description\":\"Mus\u00e9e des beaux-arts du Locle\",\"publisher\":{\"@id\":\"https:\\\/\\\/www.mbal.ch\\\/#organization\"},\"potentialAction\":[{\"@type\":\"SearchAction\",\"target\":{\"@type\":\"EntryPoint\",\"urlTemplate\":\"https:\\\/\\\/www.mbal.ch\\\/?s={search_term_string}\"},\"query-input\":{\"@type\":\"PropertyValueSpecification\",\"valueRequired\":true,\"valueName\":\"search_term_string\"}}],\"inLanguage\":\"en-US\"},{\"@type\":\"Organization\",\"@id\":\"https:\\\/\\\/www.mbal.ch\\\/#organization\",\"name\":\"Mus\u00e9e des beaux-arts du Locle\",\"url\":\"https:\\\/\\\/www.mbal.ch\\\/\",\"logo\":{\"@type\":\"ImageObject\",\"inLanguage\":\"en-US\",\"@id\":\"https:\\\/\\\/www.mbal.ch\\\/#\\\/schema\\\/logo\\\/image\\\/\",\"url\":\"https:\\\/\\\/www.mbal.ch\\\/mbalwp\\\/wp-content\\\/uploads\\\/2021\\\/01\\\/cropped-favicon_mbal.png\",\"contentUrl\":\"https:\\\/\\\/www.mbal.ch\\\/mbalwp\\\/wp-content\\\/uploads\\\/2021\\\/01\\\/cropped-favicon_mbal.png\",\"width\":512,\"height\":512,\"caption\":\"Mus\u00e9e des beaux-arts du Locle\"},\"image\":{\"@id\":\"https:\\\/\\\/www.mbal.ch\\\/#\\\/schema\\\/logo\\\/image\\\/\"},\"sameAs\":[\"https:\\\/\\\/www.facebook.com\\\/mbalelocle\\\/?fref=ts\",\"https:\\\/\\\/www.instagram.com\\\/mbalelocle\\\/\"]}]}<\/script>\n<!-- \/ Yoast SEO plugin. -->","yoast_head_json":{"title":"Christmas market at the MBAL - MBAL","robots":{"index":"index","follow":"follow","max-snippet":"max-snippet:-1","max-image-preview":"max-image-preview:large","max-video-preview":"max-video-preview:-1"},"canonical":"https:\/\/www.mbal.ch\/en\/evenement\/christmas-market-at-the-mbal\/","og_locale":"en_US","og_type":"article","og_title":"Christmas market at the MBAL - MBAL","og_description":"For one day, the museum transforms itself into a market with a big selection of creators and artists, where you can come and find your most beautiful Christmas gifts! Free entry. Here are the talented artists you&#8217;ll be able to meet at the event: Suzanne Weber explores various artistic disciplines: illustration, motion design and ceramics. [&hellip;]","og_url":"https:\/\/www.mbal.ch\/en\/evenement\/christmas-market-at-the-mbal\/","og_site_name":"MBAL","article_publisher":"https:\/\/www.facebook.com\/mbalelocle\/?fref=ts","article_modified_time":"2023-12-05T16:41:28+00:00","og_image":[{"width":740,"height":886,"url":"https:\/\/www.mbal.ch\/mbalwp\/wp-content\/uploads\/2023\/08\/Capture-decran-2023-09-06-164707.png","type":"image\/png"}],"twitter_card":"summary_large_image","twitter_misc":{"Est. reading time":"4 minutes"},"schema":{"@context":"https:\/\/schema.org","@graph":[{"@type":"WebPage","@id":"https:\/\/www.mbal.ch\/en\/evenement\/christmas-market-at-the-mbal\/","url":"https:\/\/www.mbal.ch\/en\/evenement\/christmas-market-at-the-mbal\/","name":"Christmas market at the MBAL - MBAL","isPartOf":{"@id":"https:\/\/www.mbal.ch\/#website"},"primaryImageOfPage":{"@id":"https:\/\/www.mbal.ch\/en\/evenement\/christmas-market-at-the-mbal\/#primaryimage"},"image":{"@id":"https:\/\/www.mbal.ch\/en\/evenement\/christmas-market-at-the-mbal\/#primaryimage"},"thumbnailUrl":"https:\/\/www.mbal.ch\/mbalwp\/wp-content\/uploads\/2023\/08\/Capture-decran-2023-09-06-164707.png","datePublished":"2023-09-20T11:51:00+00:00","dateModified":"2023-12-05T16:41:28+00:00","breadcrumb":{"@id":"https:\/\/www.mbal.ch\/en\/evenement\/christmas-market-at-the-mbal\/#breadcrumb"},"inLanguage":"en-US","potentialAction":[{"@type":"ReadAction","target":["https:\/\/www.mbal.ch\/en\/evenement\/christmas-market-at-the-mbal\/"]}]},{"@type":"ImageObject","inLanguage":"en-US","@id":"https:\/\/www.mbal.ch\/en\/evenement\/christmas-market-at-the-mbal\/#primaryimage","url":"https:\/\/www.mbal.ch\/mbalwp\/wp-content\/uploads\/2023\/08\/Capture-decran-2023-09-06-164707.png","contentUrl":"https:\/\/www.mbal.ch\/mbalwp\/wp-content\/uploads\/2023\/08\/Capture-decran-2023-09-06-164707.png","width":740,"height":886,"caption":"Maurice Mathey, Industrie, 1914, huile sur toile, Mus\u00e9e des Beaux-Arts Le Locle."},{"@type":"BreadcrumbList","@id":"https:\/\/www.mbal.ch\/en\/evenement\/christmas-market-at-the-mbal\/#breadcrumb","itemListElement":[{"@type":"ListItem","position":1,"name":"Accueil","item":"https:\/\/www.mbal.ch\/en\/"},{"@type":"ListItem","position":2,"name":"Christmas market at the MBAL"}]},{"@type":"WebSite","@id":"https:\/\/www.mbal.ch\/#website","url":"https:\/\/www.mbal.ch\/","name":"MBAL","description":"Mus\u00e9e des beaux-arts du Locle","publisher":{"@id":"https:\/\/www.mbal.ch\/#organization"},"potentialAction":[{"@type":"SearchAction","target":{"@type":"EntryPoint","urlTemplate":"https:\/\/www.mbal.ch\/?s={search_term_string}"},"query-input":{"@type":"PropertyValueSpecification","valueRequired":true,"valueName":"search_term_string"}}],"inLanguage":"en-US"},{"@type":"Organization","@id":"https:\/\/www.mbal.ch\/#organization","name":"Mus\u00e9e des beaux-arts du Locle","url":"https:\/\/www.mbal.ch\/","logo":{"@type":"ImageObject","inLanguage":"en-US","@id":"https:\/\/www.mbal.ch\/#\/schema\/logo\/image\/","url":"https:\/\/www.mbal.ch\/mbalwp\/wp-content\/uploads\/2021\/01\/cropped-favicon_mbal.png","contentUrl":"https:\/\/www.mbal.ch\/mbalwp\/wp-content\/uploads\/2021\/01\/cropped-favicon_mbal.png","width":512,"height":512,"caption":"Mus\u00e9e des beaux-arts du Locle"},"image":{"@id":"https:\/\/www.mbal.ch\/#\/schema\/logo\/image\/"},"sameAs":["https:\/\/www.facebook.com\/mbalelocle\/?fref=ts","https:\/\/www.instagram.com\/mbalelocle\/"]}]}},"_links":{"self":[{"href":"https:\/\/www.mbal.ch\/en\/wp-json\/wp\/v2\/agenda\/4561","targetHints":{"allow":["GET"]}}],"collection":[{"href":"https:\/\/www.mbal.ch\/en\/wp-json\/wp\/v2\/agenda"}],"about":[{"href":"https:\/\/www.mbal.ch\/en\/wp-json\/wp\/v2\/types\/agenda"}],"wp:featuredmedia":[{"embeddable":true,"href":"https:\/\/www.mbal.ch\/en\/wp-json\/wp\/v2\/media\/4485"}],"wp:attachment":[{"href":"https:\/\/www.mbal.ch\/en\/wp-json\/wp\/v2\/media?parent=4561"}],"wp:term":[{"taxonomy":"agenda_category","embeddable":true,"href":"https:\/\/www.mbal.ch\/en\/wp-json\/wp\/v2\/agenda_category?post=4561"}],"curies":[{"name":"wp","href":"https:\/\/api.w.org\/{rel}","templated":true}]}}